{"id":150,"date":"2015-10-22T10:35:21","date_gmt":"2015-10-22T08:35:21","guid":{"rendered":"http:\/\/www.berthold-gymnasium.de\/wordpress\/?page_id=150"},"modified":"2019-01-20T11:33:08","modified_gmt":"2019-01-20T10:33:08","slug":"presse","status":"publish","type":"page","link":"https:\/\/www.berthold-gymnasium.de\/?page_id=150","title":{"rendered":"Presse"},"content":{"rendered":"<h2>Schulportrait<\/h2>\n<ul>\n<li><a href=\"https:\/\/www.freiburg.de\/pb\/site\/Freiburg\/get\/documents_E1234712701\/freiburg\/daten\/news\/amtsblatt\/pdf\/Amtsblatt%20Ausgabe%20735.pdf\">Berthold-Gymnasium im Amtsblatt der Stadt Freiburg<\/a><\/li>\n<li><a href=\"http:\/\/www.badische-zeitung.de\/bildung-wissen-1\/berthold-gymnasium-freiburg--79927369.html\">Berthold-Gymnasium<\/a>\u00a0(Linz zur Badischen Zeitung)<\/li>\n<\/ul>\n<h2>Projekte<\/h2>\n<ul>\n<li><a href=\"https:\/\/www.badische-zeitung.de\/leistungsstarke-schueler-werden-mit-125-millionen-euro-gefoerdert-in-suedbaden-an-14-schulen\">Leistung macht Schule &#8211; Jetzt geht es um die St\u00e4rken<\/a><\/li>\n<li><a href=\"http:\/\/www.badische-zeitung.de\/freiburg\/das-macht-schule-xr7535vix--102558923.html\">Generationen<\/a><\/li>\n<li><a href=\"http:\/\/www.badische-zeitung.de\/freiburg\/grills-und-klos-haben-keine-chance--99203471.html\">Sch\u00fclerhaushalt 1<\/a><\/li>\n<li><a href=\"http:\/\/www.badische-zeitung.de\/freiburg\/das-macht-schule-xnupjhhyx--100411294.html\">Sch\u00fclerhaushalt 2<\/a><\/li>\n<\/ul>\n<h2>25 Jahre deutsch-ponischer Sch\u00fcleraustausch<\/h2>\n<ul>\n<li><a href=\"http:\/\/www.badische-zeitung.de\/freiburg\/freiburgs-schueleraustausch-mit-polen-ist-ganz-normal-und-ganz-besonders--121470751.html\">Freiburgs Sch\u00fcleraustausch mit Polen [&#8230;] (BZ)<\/a><\/li>\n<li><a href=\"http:\/\/www.badische-zeitung.de\/friedenweiler\/peter-reineck-erhaelt-die-hoechste-auszeichnung-des-polnischen-aussenministeriums--121866880.html\">Peter Reineck erh\u00e4lt h\u00f6chste polnische Auszeichnung (BZ)<\/a><\/li>\n<li><a href=\"https:\/\/www.berthold-gymnasium.de\/wp-content\/gallery\/schueleraustausch\/Der_Sonntag_Polenaustausch.JPG\">25 Jahre Sch\u00fcleraustausch mit Polen (Der Sonntag, 1.5.2016)<\/a><\/li>\n<li><a href=\"http:\/\/www.badische-zeitung.de\/freiburg\/odwiedzac-przyjaci-l--121164819.html\">Odwiedzac przyjaci\u00f3\u0142 (BZ)<\/a><\/li>\n<\/ul>\n<h2>Schach<\/h2>\n<ul>\n<li><a href=\"https:\/\/www.badische-zeitung.de\/das-macht-schule-xr3qwjmix\">Das macht Schule<\/a><\/li>\n<\/ul>\n<h2>Sport<\/h2>\n<ul>\n<li><a href=\"http:\/\/www.badische-zeitung.de\/freiburg\/podiumsgespraech-zur-vereinbarkeit-von-leistungssport-und-schule--145496903.html\">Podiumsgespr\u00e4ch zur Vereinbarkeit von Leistungssport und Schule<\/a><\/li>\n<li><a href=\"http:\/\/www.badische-zeitung.de\/das-macht-schule-xfa4m6kyx\">Das macht Schule &#8211; Erfolgreiche Volleyballer<\/a><\/li>\n<\/ul>\n<h2>Wettbewerbe und Preistr\u00e4ger<\/h2>\n<ul>\n<li><a href=\"http:\/\/www.badische-zeitung.de\/leute-im-landkreis-junges-trio-fuer-alte-musik\">Bundeswettbewerb Jugend musiziert 2016<br \/>\n<\/a><\/li>\n<li><a href=\"http:\/\/www.badische-zeitung.de\/freiburg\/das-macht-schule-xjrafryyx--103738695.html\">Wer liest, gewinnt (2015)<\/a><\/li>\n<li><a href=\"http:\/\/www.badische-zeitung.de\/freiburg\/21-junge-preistraeger-beim-geschichtswettbewerb-ausgezeichnet--97286696.html\">Freiburger Geschichtswettbewerb 1<\/a><\/li>\n<li><a href=\"http:\/\/www.badische-zeitung.de\/kenzingen\/preistraeger-ausgezeichnet-x2x--97906814.html\">Freiburger Geschichtswettbewerb 2<\/a><\/li>\n<li><a href=\"https:\/\/www.badische-zeitung.de\/freiburg\/schuelerinnen-recherchieren-fuer-den-freiburger-geschichtswettbewerb--63225597.html\">Freiburger Geschichtswettbewerb 3<\/a><\/li>\n<li><a href=\"http:\/\/www.badische-zeitung.de\/freiburg\/philippe-derlien-ist-preistraeger-des-freiburger-jugendkunstpreises--97229082.html\">Freiburger Jugendkunstpreis<br \/>\n<\/a><\/li>\n<li><a href=\"http:\/\/www.badische-zeitung.de\/freiburg\/das-macht-schule-xrl527rix--95485592.html\">Bundeswettbewerb Mathematik 1<\/a><\/li>\n<li><a href=\"https:\/\/www.badische-zeitung.de\/freiburg\/das-macht-schule-x4om7xxax--80447702.html\">Bundeswettbewerb Mathematik 2<br \/>\n<\/a><\/li>\n<li><a href=\"http:\/\/www.badische-zeitung.de\/fotos-freiburger-muensterbauwettbewerb-junge-baumeister\">Freiburger M\u00fcnsterbauwettbewerb<\/a><\/li>\n<li><a href=\"http:\/\/www.badische-zeitung.de\/freiburg\/zwei-abiturienten-hoffen-auf-einen-artur-fischer-erfinderpreis--106913508.html\">Artur-Fischer-Erfinderpreis<\/a><\/li>\n<li><a href=\"http:\/\/www.badische-zeitung.de\/freiburg\/das-macht-schule-xfxq7cmax--105070519.html\">Latein Ass &#8211; Cicero Wettbewerb in Arpino &#8211; Italien 2015<\/a><\/li>\n<li><a href=\"http:\/\/www.badische-zeitung.de\/freiburg\/das-macht-schule-xzusg5tax--106367926.html\">Bundeswettbewerb Mathematik 2015<\/a><\/li>\n<li><a href=\"http:\/\/www.badische-zeitung.de\/freiburg\/das-macht-schule-xzovumpax--105366538.html\">BG setzt alle &#8222;schachmatt&#8220;<\/a><\/li>\n<\/ul>\n<h2>Lebendige alte Sprachen<\/h2>\n<ul>\n<li><a href=\"http:\/\/www.badische-zeitung.de\/altgriechischer-wettstreit\">Die ersten pythischen Spiele der Neuzeit am BG<\/a><\/li>\n<li><a href=\"http:\/\/www.badische-zeitung.de\/videos\/p902971304001\/l903216664001\/t3362287874001\/fudder\/Fudder\/Latein-Abitur_2014_am_Berthold-Gymnasium_-_Wie_wars\">Latein-Abitur 2014 (BZ-Video)<\/a><\/li>\n<li><a href=\"http:\/\/www.badische-zeitung.de\/videos\/p902971304001\/l903216664001\/t3362287874001\/fudder\/Fudder\/Latein-Abitur_2014_am_Berthold-Gymnasium_-_Wie_wars\">Griechisch-Abitur 2014 (BZ-Video)<\/a><\/li>\n<\/ul>\n<h2>Kooperationen<\/h2>\n<ul>\n<li><a href=\"https:\/\/www.sfb948.uni-freiburg.de\/dateien\/dokumente\/sonntag_bg_helden.pdf\">Die Universit\u00e4t Freiburg, Sonderforschungsbereich Helden, Heroismen, Heroisierungen kooperiert mit dem Seminarkurs &#8222;Krieg und Frieden&#8220; 1<\/a><\/li>\n<li><a href=\"https:\/\/www.sfb948.uni-freiburg.de\/dateien\/dokumente\/uni-leben-3-2014-web.pdf\">Die Universit\u00e4t Freiburg [&#8230;] &#8222;Krieg und Frieden&#8220; 2<\/a><\/li>\n<li><a href=\"https:\/\/www.badische-zeitung.de\/freiburg\/das-macht-schule-xvb4bm2ax--87876424.html\">Die Universit\u00e4t Freiburg [&#8230;] &#8222;Krieg und Frieden&#8220; 3<br \/>\n<\/a><\/li>\n<li><a href=\"https:\/\/www.badische-zeitung.de\/freiburg\/das-macht-schule-xajpbkuix--83163986.html\">Die Jazz- und Rockschule Freiburg<\/a><\/li>\n<li><a href=\"https:\/\/www.badische-zeitung.de\/freiburg\/das-macht-schule-x4om7xxax--80447702.html\">Project Human Aid<\/a><\/li>\n<li><a href=\"https:\/\/www.badische-zeitung.de\/kino-neustarts\/filme-comic-und-performances-im-kommunalen-kino-im-alten-wiehrebahnhof--86808493.html\">BBZ Stegen kooperiert mit dem Seminarkurs &#8222;My Private Hero&#8220;<\/a><\/li>\n<\/ul>\n<h2>Aktiv und engagiert<\/h2>\n<ul>\n<li><a href=\"https:\/\/www.badische-zeitung.de\/freiburg\/die-rechte-der-kinder-gelten-hier-und-ueberall--95059999.html\">F\u00fcr Kinderrechte 1<\/a><\/li>\n<li><a href=\"http:\/\/www.badische-zeitung.de\/freiburg\/zur-person-xjq4m6lyx--91063319.html\">F\u00fcr Kinderrechte 2<\/a><\/li>\n<li><a href=\"http:\/\/www.badische-zeitung.de\/freiburg\/zwei-freiburger-schueler-waren-als-abgeordnete-in-berlin--106642214.html\">Als &#8222;Abgeordnete&#8220; in Berlin<\/a><\/li>\n<li><a href=\"http:\/\/www.badische-zeitung.de\/freiburg\/sonst-noch-was-x33jrmxqx--113393820\">BG-Sauberm\u00e4nner<\/a><\/li>\n<\/ul>\n<h2>Schulleitung<\/h2>\n<ul>\n<li><a href=\"https:\/\/www.badische-zeitung.de\/freiburg\/ich-brauch-das-in-verschiedenen-toepfen-zu-ruehren--76943535.html\">Neue Schulleiterin Dr. Buske<\/a><\/li>\n<li><a href=\"https:\/\/www.badische-zeitung.de\/freiburg\/in-der-humanistischen-welt-zu-hause--73777214.html\">Frau M\u00fcller-Ahrem geht in den Ruhestand<\/a><\/li>\n<\/ul>\n<h2>Ehemalige<\/h2>\n<ul>\n<li><a href=\"https:\/\/www.badische-zeitung.de\/freiburg-ost\/da-kommen-alte-erinnerungen-hoch--76999894.html\">Ehemaligentreffen 2014<\/a><\/li>\n<li><a href=\"http:\/\/www.badische-zeitung.de\/freiburg-sued\/alte-sprachen-als-basis-fuers-leben--113302373.html\">50. Jubil\u00e4um<br \/>\n<\/a><\/li>\n<li><a href=\"http:\/\/www.badische-zeitung.de\/freiburg\/vor-100-jahren-starb-der-bedeutende-oberbuergermeister-otto-winterer--100987858.html\">Otto Winterer, Abitur 1864<\/a><\/li>\n<li><a href=\"https:\/\/www.badische-zeitung.de\/weil-am-rhein\/zur-person-x3perwcyx--2052257.html\">Leo Wohleb, Abitur 1907<\/a><\/li>\n<li><a href=\"http:\/\/www.badische-zeitung.de\/sulzburg\/sensibel-reagierender-intellektueller--92253104.html\">Hans Arno Joachim, Abitur 1920<\/a><\/li>\n<li><a href=\"http:\/\/www.badische-zeitung.de\/suedwest-1\/helmut-engler-trauer-um-einen-gentleman-der-politik--113023873.html\">Helmut Engler, Abitur 1941<\/a><\/li>\n<li><a href=\"http:\/\/www.badische-zeitung.de\/klassik-2\/musikbuch-papst-der-instrumente--112666082.html\">Hans Maier, Abitur 1951<\/a><\/li>\n<li><a href=\"http:\/\/www.badische-zeitung.de\/freiburg\/leute-xt2zd3myx--3604711.html\">Wolfgang Huber, Abitur 1959<\/a><\/li>\n<li><a href=\"https:\/\/www.badische-zeitung.de\/freiburg\/die-freses-paradebeispiel-einer-unternehmerfamilie--93457562.html\">Herrmann Frese, Abitur 1955<\/a><\/li>\n<li><a href=\"https:\/\/www.google.de\/url?sa=t&amp;rct=j&amp;q=&amp;esrc=s&amp;source=web&amp;cd=5&amp;cad=rja&amp;uact=8&amp;ved=0CDYQFjAEahUKEwjyk9LU6ufIAhWKnBoKHRssD28&amp;url=http%3A%2F%2Fwww.badische-zeitung.de%2Fzisch-texte%2Fich-spiele-gerne-hauptrollen--83023363.html&amp;usg=AFQjCNFF-g29hxw3VBRT_W23ag8f2s2yyQ&amp;sig2=agnvpfkbqjM_5pn06nJ3ag\">Max Giermann, Abitur 1995<\/a><\/li>\n<li><a href=\"https:\/\/www.badische-zeitung.de\/waldkirch\/ein-jahr-lang-an-auschwitz-erinnern--74505231.html\">Emily Herlyn, Abitur 2012<\/a><\/li>\n<li><a href=\"http:\/\/www.badische-zeitung.de\/beruf-karriere-1\/ausbildungsberuf-verwaltungsangestellte-hoeren-und-fuehlen-ersetzen-bei-vivian-hoesch-das-sehen--63909395.html\">Vivian H\u00f6sch, Abitur 2010<\/a><\/li>\n<li><a href=\"http:\/\/www.badische-zeitung.de\/freiburg\/podiumsgespraech-zur-vereinbarkeit-von-leistungssport-und-schule--145496903.html\">Andreas B\u00f6cherer<\/a><\/li>\n<li><a href=\"http:\/\/www.badische-zeitung.de\/freiburg\/podiumsgespraech-zur-vereinbarkeit-von-leistungssport-und-schule--145496903.html\">Moritz Milatz<\/a><\/li>\n<li><a href=\"http:\/\/www.badische-zeitung.de\/bluetentraeume-im-persischen-golf\">Sven Winter<\/a><\/li>\n<li><a href=\"http:\/\/www.badische-zeitung.de\/auf-dem-weg-zur-eigenen-stimme\">Milena Wilke<\/a><\/li>\n<li><a href=\"http:\/\/www.badische-zeitung.de\/freiburg\/wolfgang-fiek-langjaehriger-leiter-der-bz-stadtredaktion-ist-im-alter-von-80-jahren-gestorben--150520688.html\">Wolfgang Fiek, Abitur 1957<\/a><\/li>\n<\/ul>\n","protected":false},"excerpt":{"rendered":"<p>Schulportrait Berthold-Gymnasium im Amtsblatt der Stadt Freiburg Berthold-Gymnasium\u00a0(Linz zur Badischen Zeitung) Projekte Leistung macht Schule &#8211; Jetzt geht es um die St\u00e4rken Generationen Sch\u00fclerhaushalt 1 Sch\u00fclerhaushalt 2 25 Jahre deutsch-ponischer Sch\u00fcleraustausch Freiburgs Sch\u00fcleraustausch mit Polen [&#8230;] (BZ) Peter Reineck erh\u00e4lt h\u00f6chste polnische Auszeichnung (BZ) 25 Jahre Sch\u00fcleraustausch mit Polen (Der Sonntag, 1.5.2016) Odwiedzac przyjaci\u00f3\u0142 (BZ) [&hellip;]<\/p>\n","protected":false},"author":1,"featured_media":0,"parent":0,"menu_order":0,"comment_status":"closed","ping_status":"closed","template":"","meta":{"_FSMCFIC_featured_image_caption":"","_FSMCFIC_featured_image_nocaption":"","_FSMCFIC_featured_image_hide":"","footnotes":""},"class_list":["post-150","page","type-page","status-publish","hentry"],"publishpress_future_action":{"enabled":false,"date":"2026-05-09 10:45:34","action":"change-status","newStatus":"draft","terms":[],"taxonomy":"","extraData":[]},"publishpress_future_workflow_manual_trigger":{"enabledWorkflows":[]},"_links":{"self":[{"href":"https:\/\/www.berthold-gymnasium.de\/index.php?rest_route=\/wp\/v2\/pages\/150","targetHints":{"allow":["GET"]}}],"collection":[{"href":"https:\/\/www.berthold-gymnasium.de\/index.php?rest_route=\/wp\/v2\/pages"}],"about":[{"href":"https:\/\/www.berthold-gymnasium.de\/index.php?rest_route=\/wp\/v2\/types\/page"}],"author":[{"embeddable":true,"href":"https:\/\/www.berthold-gymnasium.de\/index.php?rest_route=\/wp\/v2\/users\/1"}],"replies":[{"embeddable":true,"href":"https:\/\/www.berthold-gymnasium.de\/index.php?rest_route=%2Fwp%2Fv2%2Fcomments&post=150"}],"version-history":[{"count":3,"href":"https:\/\/www.berthold-gymnasium.de\/index.php?rest_route=\/wp\/v2\/pages\/150\/revisions"}],"predecessor-version":[{"id":3378,"href":"https:\/\/www.berthold-gymnasium.de\/index.php?rest_route=\/wp\/v2\/pages\/150\/revisions\/3378"}],"wp:attachment":[{"href":"https:\/\/www.berthold-gymnasium.de\/index.php?rest_route=%2Fwp%2Fv2%2Fmedia&parent=150"}],"curies":[{"name":"wp","href":"https:\/\/api.w.org\/{rel}","templated":true}]}}