{"id":393,"date":"2015-10-25T13:05:21","date_gmt":"2015-10-25T12:05:21","guid":{"rendered":"http:\/\/www.berthold-gymnasium.de\/wordpress\/?page_id=393"},"modified":"2015-10-25T14:51:54","modified_gmt":"2015-10-25T13:51:54","slug":"links","status":"publish","type":"page","link":"https:\/\/www.berthold-gymnasium.de\/?page_id=393","title":{"rendered":"Links"},"content":{"rendered":"<ul>\n<li><a class=\"external-link-new-window\" href=\"http:\/\/www.kultusportal-bw.de\/\">Kultusportal Baden-W\u00fcrttemberg<\/a><\/li>\n<li><a class=\"external-link-new-window\" href=\"http:\/\/www.bildungsserver.de\/\">Deutscher Bildungsserver<\/a><\/li>\n<li><a class=\"external-link-new-window\" title=\"Opens external link in new window\" href=\"http:\/\/www.kmk.org\/bildung-schule.html\">Kultusministerkonferenz<\/a><\/li>\n<li><a class=\"external-link-new-window\" href=\"http:\/\/www.schule-bw.de\/\">Landesbildungsserver Baden-W\u00fcrttemberg<\/a><\/li>\n<li><a class=\"external-link-new-window\" href=\"https:\/\/rp.baden-wuerttemberg.de\/rpf\/Abt7\/Ref75\/Seiten\/default.aspx\">Regierungspr\u00e4sidium Freiburg &#8211; Referat 75: Allgemein bildende Gymnasien <\/a><\/li>\n<\/ul>\n<ul>\n<li><a class=\"external-link-new-window\" href=\"http:\/\/www.jugendnetz.de\/\">Jugendnetz Baden-W\u00fcrttemberg<\/a><\/li>\n<li><a class=\"external-link-new-window\" href=\"http:\/\/www.leb-bw.de\/\">Landeselternbeirat Baden-W\u00fcrttemberg<\/a><\/li>\n<li><a class=\"external-link-new-window\" href=\"http:\/\/www.lsbr.de\/\">Landessch\u00fclervertretung Baden-W\u00fcrttemberg<\/a><\/li>\n<\/ul>\n<ul>\n<li><a class=\"external-link-new-window\" title=\"Opens external link in new window\" href=\"http:\/\/www.zeit.de\/gesellschaft\/schule\/index\">Die ZEIT: Schule<\/a><\/li>\n<li><a class=\"external-link-new-window\" href=\"http:\/\/www.focus.de\/schule\/schule\">FOCUS: Schule<\/a><\/li>\n<li><a class=\"external-link-new-window\" href=\"http:\/\/www.spiegel.de\/schulspiegel\/\">SPIEGEL: Schule<\/a><\/li>\n<li><a class=\"external-link-new-window\" href=\"http:\/\/bildungsklick.de\/\">Bildungsklick<\/a><\/li>\n<\/ul>\n<ul>\n<li><a href=\"http:\/\/www.schulferien.org\/\">Schulferien<\/a><\/li>\n<\/ul>\n","protected":false},"excerpt":{"rendered":"<p>Kultusportal Baden-W\u00fcrttemberg Deutscher Bildungsserver Kultusministerkonferenz Landesbildungsserver Baden-W\u00fcrttemberg Regierungspr\u00e4sidium Freiburg &#8211; Referat 75: Allgemein bildende Gymnasien Jugendnetz Baden-W\u00fcrttemberg Landeselternbeirat Baden-W\u00fcrttemberg Landessch\u00fclervertretung Baden-W\u00fcrttemberg Die ZEIT: Schule FOCUS: Schule SPIEGEL: Schule Bildungsklick Schulferien<\/p>\n","protected":false},"author":1,"featured_media":0,"parent":0,"menu_order":0,"comment_status":"closed","ping_status":"closed","template":"","meta":{"_FSMCFIC_featured_image_caption":"","_FSMCFIC_featured_image_nocaption":"","_FSMCFIC_featured_image_hide":"","footnotes":""},"class_list":["post-393","page","type-page","status-publish","hentry"],"publishpress_future_action":{"enabled":false,"date":"2026-05-08 10:24:38","action":"change-status","newStatus":"draft","terms":[],"taxonomy":"","extraData":[]},"publishpress_future_workflow_manual_trigger":{"enabledWorkflows":[]},"_links":{"self":[{"href":"https:\/\/www.berthold-gymnasium.de\/index.php?rest_route=\/wp\/v2\/pages\/393","targetHints":{"allow":["GET"]}}],"collection":[{"href":"https:\/\/www.berthold-gymnasium.de\/index.php?rest_route=\/wp\/v2\/pages"}],"about":[{"href":"https:\/\/www.berthold-gymnasium.de\/index.php?rest_route=\/wp\/v2\/types\/page"}],"author":[{"embeddable":true,"href":"https:\/\/www.berthold-gymnasium.de\/index.php?rest_route=\/wp\/v2\/users\/1"}],"replies":[{"embeddable":true,"href":"https:\/\/www.berthold-gymnasium.de\/index.php?rest_route=%2Fwp%2Fv2%2Fcomments&post=393"}],"version-history":[{"count":0,"href":"https:\/\/www.berthold-gymnasium.de\/index.php?rest_route=\/wp\/v2\/pages\/393\/revisions"}],"wp:attachment":[{"href":"https:\/\/www.berthold-gymnasium.de\/index.php?rest_route=%2Fwp%2Fv2%2Fmedia&parent=393"}],"curies":[{"name":"wp","href":"https:\/\/api.w.org\/{rel}","templated":true}]}}